{"id":12,"date":"2013-05-20T16:01:54","date_gmt":"2013-05-20T14:01:54","guid":{"rendered":"http:\/\/helwecja.amu.edu.pl\/?page_id=8"},"modified":"2018-12-23T00:03:56","modified_gmt":"2018-12-22T23:03:56","slug":"publikacje","status":"publish","type":"page","link":"http:\/\/helwecja.amu.edu.pl\/en\/publikacje\/","title":{"rendered":"Publikacje"},"content":{"rendered":"<p><img loading=\"lazy\" decoding=\"async\" class=\"size-full wp-image-1237 aligncenter\" src=\"http:\/\/helwecja.amu.edu.pl\/wp-content\/uploads\/2013\/05\/M-Rachwal-150px.png\" alt=\"\" width=\"150\" height=\"150\" srcset=\"http:\/\/helwecja.amu.edu.pl\/wp-content\/uploads\/2013\/05\/M-Rachwal-150px.png 150w, http:\/\/helwecja.amu.edu.pl\/wp-content\/uploads\/2013\/05\/M-Rachwal-150px-60x60.png 60w\" sizes=\"auto, (max-width: 150px) 100vw, 150px\" \/><\/p>\n<p style=\"text-align: center;\">Marcin Rachwa\u0142 (red.)<\/p>\n<p style=\"text-align: center;\"><em>Wsp\u00f3\u0142czesne oblicza w\u0142adzy polityczne. Wybrane zagadnienia<\/em><\/p>\n<p style=\"text-align: center;\"><a href=\"http:\/\/helwecja.amu.edu.pl\/wp-content\/uploads\/2013\/05\/Rachwal-2-wnetrze.pdf\">Pobierz (PDF)<\/a><\/p>\n<p style=\"text-align: center;\"><img loading=\"lazy\" decoding=\"async\" class=\"size-full wp-image-1235 aligncenter\" src=\"http:\/\/helwecja.amu.edu.pl\/wp-content\/uploads\/2018\/03\/Hungary-and-Poland150px.png\" alt=\"\" width=\"150\" height=\"150\" srcset=\"http:\/\/helwecja.amu.edu.pl\/wp-content\/uploads\/2018\/03\/Hungary-and-Poland150px.png 150w, http:\/\/helwecja.amu.edu.pl\/wp-content\/uploads\/2018\/03\/Hungary-and-Poland150px-60x60.png 60w\" sizes=\"auto, (max-width: 150px) 100vw, 150px\" \/><\/p>\n<p style=\"text-align: center;\">Beata Paj\u0105k-Patkowska, Marcin Rachwa\u0142 (red.)<\/p>\n<p style=\"text-align: center;\"><em>Hungary and Poland in Times of Political Transition. Selected Issues<\/em><\/p>\n<p style=\"text-align: center;\"><a href=\"http:\/\/helwecja.amu.edu.pl\/wp-content\/uploads\/2013\/05\/Hungary-and-Poland_tre\u015b\u0107.pdf\">Pobierz (PDF<\/a><\/p>\n<p style=\"text-align: center;\"><img loading=\"lazy\" decoding=\"async\" class=\"size-full wp-image-1146 aligncenter\" src=\"http:\/\/helwecja.amu.edu.pl\/wp-content\/uploads\/2018\/01\/Uwarunkowania150px.jpg\" alt=\"m-rachwal-okladka\" width=\"150\" height=\"150\" \/><\/p>\n<p style=\"text-align: center;\">Marcin Rachwa\u0142 (red.)<\/p>\n<p style=\"text-align: center;\"><em>Uwarunkowania i mechanizmy partycypacji politycznej<\/em><\/p>\n<p style=\"text-align: center;\"><a href=\"http:\/\/helwecja.amu.edu.pl\/wp-content\/uploads\/2018\/01\/Uwarunkowania-i-mechanizmy-partycypacji-politycznej.pdf\">Pobierz (PDF)<\/a><\/p>\n<p style=\"text-align: center;\"><img loading=\"lazy\" decoding=\"async\" class=\"size-full wp-image-1146 aligncenter\" src=\"http:\/\/helwecja.amu.edu.pl\/wp-content\/uploads\/2013\/05\/M.-Rachwal-Okladka.png\" alt=\"m-rachwal-okladka\" width=\"150\" height=\"150\" srcset=\"http:\/\/helwecja.amu.edu.pl\/wp-content\/uploads\/2013\/05\/M.-Rachwal-Okladka.png 150w, http:\/\/helwecja.amu.edu.pl\/wp-content\/uploads\/2013\/05\/M.-Rachwal-Okladka-60x60.png 60w\" sizes=\"auto, (max-width: 150px) 100vw, 150px\" \/><\/p>\n<p style=\"text-align: center;\">Marcin Rachwa\u0142<\/p>\n<p style=\"text-align: center;\"><em>Funkcjonowanie obywatelskiej inicjatywy ustawodawczej w Polsce. Podstawy prawne \u2013 praktyka \u2013 perspektywy rozwoju<\/em><\/p>\n<p style=\"text-align: center;\"><a href=\"http:\/\/helwecja.amu.edu.pl\/wp-content\/uploads\/2017\/05\/M.-Rachwal-Funkcjonowanie.pdf\">Pobierz (PDF<\/a><\/p>\n<p style=\"text-align: center;\"><img loading=\"lazy\" decoding=\"async\" class=\"size-full wp-image-1001 aligncenter\" src=\"http:\/\/helwecja.amu.edu.pl\/wp-content\/uploads\/2015\/01\/oklbranecki-150x150.jpg\" alt=\"oklbranecki-150x150\" width=\"150\" height=\"150\" \/><\/p>\n<p style=\"text-align: center;\">Tadeusz Branecki<\/p>\n<p style=\"text-align: center;\"><em>System konstytucyjny kantonu Argowia<\/em><\/p>\n<p style=\"text-align: center;\"><a href=\"http:\/\/www.wssm.pl\/content\/view\/40\/38\">Zobacz wi\u0119cej<\/a><\/p>\n<p style=\"text-align: center;\"><img loading=\"lazy\" decoding=\"async\" class=\"size-full wp-image-932 aligncenter\" src=\"http:\/\/helwecja.amu.edu.pl\/wp-content\/uploads\/2013\/05\/oklnitszke-150x150.jpg\" alt=\"oklnitszke-150x150\" width=\"150\" height=\"150\" \/><\/p>\n<p style=\"text-align: center;\">Agnieszka Nitszke<\/p>\n<p style=\"text-align: center;\"><em>Zasady ustroju federalnego w pa\u0144stwach niemieckoj\u0119zycznych.<br \/>\nStudium por\u00f3wnawcze<\/em><\/p>\n<p style=\"text-align: center;\"><a href=\"http:\/\/www.inp.uj.edu.pl\/publikacje-pracownikow\/-\/journal_content\/56_INSTANCE_H89c\/3905854\/29579981\">Zobacz wi\u0119cej<\/a><\/p>\n<p style=\"text-align: center;\"><img loading=\"lazy\" decoding=\"async\" class=\"size-full wp-image-910 aligncenter\" src=\"http:\/\/helwecja.amu.edu.pl\/wp-content\/uploads\/2013\/05\/Liech-Kozbial-150x150.jpg\" alt=\"Liech-Kozbial-150x150\" width=\"150\" height=\"150\" \/><\/p>\n<p style=\"text-align: center;\">Krzysztof Ko\u017abia\u0142<\/p>\n<p style=\"text-align: center;\"><em>System polityczny Ksi\u0119stwa Liechtensteinu<\/em><\/p>\n<p style=\"text-align: center;\"><a href=\"http:\/\/www.wuj.pl\/page,produkt,prodid,2144,strona,System_polityczny_Ksiestwa_Liechtensteinu,katid,44.html\">Zobacz wi\u0119cej<\/a><\/p>\n<p style=\"text-align: center;\"><img loading=\"lazy\" decoding=\"async\" class=\"size-full wp-image-929 aligncenter\" src=\"http:\/\/helwecja.amu.edu.pl\/wp-content\/uploads\/2013\/05\/horyzonty-sporu-150x150.jpg\" alt=\"horyzonty-sporu-150x150\" width=\"150\" height=\"150\" \/><\/p>\n<p style=\"text-align: center;\">Tomasz R. Szymczy\u0144ski<\/p>\n<p style=\"text-align: center;\"><em>Horyzonty sporu wok\u00f3\u0142 istoty zjawiska deficytu demokratycznego w Unii Europejskiej<\/em><\/p>\n<p style=\"text-align: center;\"><a href=\"http:\/\/elipsa.pl\/pl\/p\/Horyzonty-sporu-wokol-istoty-zjawiska-deficytu-demokratycznego-w-Unii-Europejskiej-Tomasz-R.-Szymczynski\/725\">Zobacz wi\u0119cej<\/a><\/p>\n<p style=\"text-align: center;\"><img loading=\"lazy\" decoding=\"async\" class=\"size-full wp-image-936 aligncenter\" src=\"http:\/\/helwecja.amu.edu.pl\/wp-content\/uploads\/2013\/05\/tomczyk-150x150.jpg\" alt=\"tomczyk-150x150\" width=\"150\" height=\"150\" \/><\/p>\n<p style=\"text-align: center;\">Micha\u0142 Tomczyk<\/p>\n<p style=\"text-align: center;\"><em>Polityka Szwajcarii wobec Unii Europejskiej<\/em><\/p>\n<p style=\"text-align: center;\"><a href=\"https:\/\/wydawnictwo.uni.lodz.pl\/index.php#\/book:show,4717,polityka_szwajcarii_wobec_unii_europejskiej\">Zobacz wi\u0119cej<\/a><\/p>\n<p style=\"text-align: center;\"><img loading=\"lazy\" decoding=\"async\" class=\"size-full wp-image-917 aligncenter\" src=\"http:\/\/helwecja.amu.edu.pl\/wp-content\/uploads\/2013\/05\/MMK1-150x150.jpg\" alt=\"MMK1-150x150\" width=\"150\" height=\"150\" \/><\/p>\n<p style=\"text-align: center;\">Magdalena Musia\u0142-Karg<\/p>\n<p style=\"text-align: center;\"><em>Elektroniczne referendum w Szwajcarii. Wybrane kierunki zmian helweckiej demokracji bezpo\u015bredniej<\/em><\/p>\n<p style=\"text-align: center;\"><a href=\"https:\/\/repozytorium.amu.edu.pl\/jspui\/bitstream\/10593\/7126\/1\/Musia%C5%82-Karg%2c%20Elektroniczne%20referendum%20w%20Szwajcarii.pdf\">Przeczytaj w Repozytorium Uniwersytetu im. Adama Mickiewicza (PDF)<\/a><\/p>\n<p style=\"text-align: center;\">\n","protected":false},"excerpt":{"rendered":"<p>Marcin Rachwa\u0142 (red.) Wsp\u00f3\u0142czesne oblicza w\u0142adzy polityczne. Wybrane zagadnienia Pobierz (PDF) Beata Paj\u0105k-Patkowska, Marcin Rachwa\u0142 (red.) Hungary and Poland in Times of Political Transition. Selected Issues Pobierz (PDF Marcin Rachwa\u0142 (red.) Uwarunkowania i mechanizmy partycypacji politycznej Pobierz (PDF) Marcin Rachwa\u0142 Funkcjonowanie obywatelskiej inicjatywy ustawodawczej w Polsce. Podstawy prawne \u2013 praktyka \u2013 perspektywy rozwoju Pobierz (PDF &hellip; <\/p>\n<p class=\"link-more\"><a href=\"http:\/\/helwecja.amu.edu.pl\/en\/publikacje\/\" class=\"more-link\">Continue reading<span class=\"screen-reader-text\"> &#8220;Publikacje&#8221;<\/span><\/a><\/p>\n","protected":false},"author":1,"featured_media":0,"parent":0,"menu_order":0,"comment_status":"open","ping_status":"open","template":"","meta":{"footnotes":""},"class_list":["post-12","page","type-page","status-publish","hentry"],"_links":{"self":[{"href":"http:\/\/helwecja.amu.edu.pl\/en\/wp-json\/wp\/v2\/pages\/12","targetHints":{"allow":["GET"]}}],"collection":[{"href":"http:\/\/helwecja.amu.edu.pl\/en\/wp-json\/wp\/v2\/pages"}],"about":[{"href":"http:\/\/helwecja.amu.edu.pl\/en\/wp-json\/wp\/v2\/types\/page"}],"author":[{"embeddable":true,"href":"http:\/\/helwecja.amu.edu.pl\/en\/wp-json\/wp\/v2\/users\/1"}],"replies":[{"embeddable":true,"href":"http:\/\/helwecja.amu.edu.pl\/en\/wp-json\/wp\/v2\/comments?post=12"}],"version-history":[{"count":17,"href":"http:\/\/helwecja.amu.edu.pl\/en\/wp-json\/wp\/v2\/pages\/12\/revisions"}],"predecessor-version":[{"id":9923,"href":"http:\/\/helwecja.amu.edu.pl\/en\/wp-json\/wp\/v2\/pages\/12\/revisions\/9923"}],"wp:attachment":[{"href":"http:\/\/helwecja.amu.edu.pl\/en\/wp-json\/wp\/v2\/media?parent=12"}],"curies":[{"name":"wp","href":"https:\/\/api.w.org\/{rel}","templated":true}]}}